{"id":3586,"date":"2024-08-30T12:58:58","date_gmt":"2024-08-30T12:58:58","guid":{"rendered":"https:\/\/www.laznezenskeduse.cz\/?page_id=3586"},"modified":"2024-11-14T06:12:43","modified_gmt":"2024-11-14T06:12:43","slug":"reference","status":"publish","type":"page","link":"https:\/\/www.laznezenskeduse.cz\/index.php\/reference\/","title":{"rendered":"Reference"},"content":{"rendered":"\n<h6 class=\"wp-block-heading has-medium-font-size\">Zvu T\u011b k&nbsp;nahl\u00e9dnut\u00ed do zku\u0161enost\u00ed lid\u00ed, kter\u00e9 jsem prov\u00e1zela na jejich \u017eivotn\u00ed cest\u011b. Nalad\u011bn\u00ed, propojen\u00ed, d\u016fv\u011bra a touha poodkr\u00fdt dal\u0161\u00ed \u010d\u00e1st ka\u017ed\u00e9ho jedine\u010dn\u00e9ho \u017eivotn\u00edho p\u0159\u00edb\u011bhu, to jsou m\u00e9 hlavn\u00ed esence p\u0159i pr\u00e1ci s&nbsp;klienty. Pokud T\u011b n\u011bkter\u00e1 z&nbsp;nich oslov\u00ed, bude mi pot\u011b\u0161en\u00edm p\u0159idat st\u0159\u00edpky sv\u00e9 inspirace do mozaiky Tv\u00e9ho \u017eivota.<\/h6>\n\n\n\n<div style=\"height:40px\" aria-hidden=\"true\" class=\"wp-block-spacer\"><\/div>\n\n\n\n<p>\u201eM\u00e1m r\u00e1da rozmanitost, nov\u00e9 pohledy na sv\u011bt, m\u016fj \u017eivot, sebe a sv\u00e9 okol\u00ed. J\u00edt v\u00edce do hloubky a nesetrv\u00e1vat jen na povrchu. Otev\u00edraj\u00ed se n\u00e1m nov\u00e9 obzory obohacuj\u00edc\u00ed na\u0161e vid\u011bn\u00ed sv\u011bta. Nechat si od Ani\u010dky vylo\u017eit \u010d\u00ednsk\u00fd horoskop je jako sko\u010dit ze sk\u00e1ly do mo\u0159e, vyno\u0159it se z hlubin a pokorn\u011b p\u0159ij\u00edmat \u017eivot ve v\u0161ech jeho barv\u00e1ch, t\u00f3nech a nechat se v\u00e9st tou kr\u00e1sou rozmanitost\u00ed a v\u016fn\u00ed.\u201c<\/p>\n\n\n\n<p><em>Kate\u0159ina<\/em><\/p>\n\n\n\n<div style=\"height:40px\" aria-hidden=\"true\" class=\"wp-block-spacer\"><\/div>\n\n\n\n<p>\u201eAstrotyp jsem si nechala d\u011blat pro sebe a tak m\u011b to nadchlo, \u017ee jsem\u00a0ho cht\u011bla i pro svou dceru. V\u00fdklad mi pomohl osv\u011btlit sv\u00e9 chov\u00e1n\u00ed a pocity, kter\u00e9 pro\u017e\u00edv\u00e1m a u\u017e v\u00edm, pro\u010d to tak m\u00e1m. Pro m\u011b to je uv\u011bdom\u011bn\u00ed si a zv\u011bdom\u011bn\u00ed sv\u00e9ho jedn\u00e1n\u00ed a chov\u00e1n\u00ed. Net\u0159eba se srovn\u00e1vat s ostatn\u00edmi, prost\u011b ka\u017ed\u00fd to m\u00e1 jinak. Tu jinakost se sna\u017e\u00edm respektovat i u ostatn\u00edch. Hlavn\u011b u sv\u00e9 dcerky jsem tak mohla l\u00e9pe pochopit a p\u0159ijmout jej\u00ed jedine\u010dnost.<br>V\u0159ele doporu\u010duji v\u0161em, Ani\u010dka je velmi p\u0159\u00edjemn\u00e1 a v\u011bcn\u00e1. Velice dob\u0159e se s n\u00ed pov\u00edd\u00e1 a b\u011bhem setk\u00e1n\u00ed se se mnou pod\u011blila o spoustu podn\u011btn\u00fdch inspirac\u00ed.\u201c<\/p>\n\n\n\n<p><\/p>\n\n\n\n<p><em>Lucie<\/em><\/p>\n\n\n\n<div style=\"height:40px\" aria-hidden=\"true\" class=\"wp-block-spacer\"><\/div>\n\n\n\n<p>\u201eKr\u00e1sn\u00e9, skv\u011bl\u00e9, b\u00e1je\u010dn\u011b se dozv\u011bd\u011bt o sob\u011b, na\u0161\u00ed du\u0161i a v neposledn\u00ed \u0159ad\u011b cest\u011b kudy kam kr\u00e1\u010d\u00edme. N\u011bco, co V\u00e1s nejen p\u0159ekvap\u00ed, ale z\u00e1rove\u0148 usad\u00ed do pozice si dovolit uv\u011bdomit si sebe sama. Usp\u011bchan\u00e1 doba, kdy nikdo nem\u00e1 \u010das, na\u0161e ko\u0159eny a \u017eivotn\u00ed hodnoty n\u00e1s Evropan\u016f pomalu a jist\u011b miz\u00ed. Zapom\u00edn\u00e1me k\u00fdm jsme! Ve spr\u00e1vnou chv\u00edli a na spr\u00e1vn\u00e9m m\u00edst\u011b jsem m\u011bl to \u0161t\u011bst\u00ed se spole\u010dn\u011b setkat a dozv\u011bd\u011bt se v\u00edce o tom, k\u00fdm opravdu jsem. D\u011bkuji. D\u011bkuji. D\u011bkuji.\u201c&nbsp;<\/p>\n\n\n\n<p><em>Atanasios<\/em><\/p>\n\n\n\n<div style=\"height:40px\" aria-hidden=\"true\" class=\"wp-block-spacer\"><\/div>\n\n\n\n<p>\u201eP\u0159edporodn\u00ed ritu\u00e1l, kter\u00fd pro mne Anna p\u0159ipravila, byl n\u00e1dhern\u00fd. Prosytil mne.&nbsp;Byl p\u0159ipravovan\u00fd i veden\u00fd velmi empaticky a citliv\u011b, s l\u00e1skou, citem pro detaily a s prostorem pro spoustu podn\u011btn\u00fdch a podp\u016frn\u00fdch my\u0161lenek i gest.&nbsp;C\u00edtila jsem velkou podporu, siln\u00e9 z\u00e1zem\u00ed a klid. U porodu jsem pak vn\u00edmala s\u00edlu \u017eensk\u00e9ho kruhu m\u00e9ho p\u0159edporodn\u00edho ritu\u00e1lu.\u201c<\/p>\n\n\n\n<p><em>Veronika<\/em><\/p>\n\n\n\n<p><\/p>\n","protected":false},"excerpt":{"rendered":"<p>Zvu T\u011b k&nbsp;nahl\u00e9dnut\u00ed do zku\u0161enost\u00ed lid\u00ed, kter\u00e9 jsem prov\u00e1zela na jejich \u017eivotn\u00ed cest\u011b. Nalad\u011bn\u00ed, propojen\u00ed, d\u016fv\u011bra a touha poodkr\u00fdt dal\u0161\u00ed \u010d\u00e1st ka\u017ed\u00e9ho jedine\u010dn\u00e9ho \u017eivotn\u00edho p\u0159\u00edb\u011bhu, to jsou m\u00e9 hlavn\u00ed esence p\u0159i pr\u00e1ci s&nbsp;klienty. Pokud T\u011b n\u011bkter\u00e1 z&nbsp;nich oslov\u00ed, bude mi pot\u011b\u0161en\u00edm p\u0159idat st\u0159\u00edpky sv\u00e9 inspirace do mozaiky Tv\u00e9ho \u017eivota. \u201eM\u00e1m r\u00e1da rozmanitost, nov\u00e9 pohledy na&hellip;<\/p>\n<a class=\"read-more-link\" href=\" https:\/\/www.laznezenskeduse.cz\/index.php\/reference\/ \">Read More<\/a>","protected":false},"author":1,"featured_media":0,"parent":0,"menu_order":0,"comment_status":"closed","ping_status":"closed","template":"","meta":{"footnotes":""},"yoast_head":"<!-- This site is optimized with the Yoast SEO plugin v23.1 - https:\/\/yoast.com\/wordpress\/plugins\/seo\/ -->\n<title>Reference -<\/title>\n<meta name=\"description\" content=\"Zvu T\u011b k\u00a0nahl\u00e9dnut\u00ed do zku\u0161enost\u00ed lid\u00ed, kter\u00e9 jsem prov\u00e1zela na jejich \u017eivotn\u00ed cest\u011b.\" \/>\n<meta name=\"robots\" content=\"index, follow, max-snippet:-1, max-image-preview:large, max-video-preview:-1\" \/>\n<link rel=\"canonical\" href=\"https:\/\/www.laznezenskeduse.cz\/index.php\/reference\/\" \/>\n<meta property=\"og:locale\" content=\"cs_CZ\" \/>\n<meta property=\"og:type\" content=\"article\" \/>\n<meta property=\"og:title\" content=\"Reference -\" \/>\n<meta property=\"og:description\" content=\"Zvu T\u011b k\u00a0nahl\u00e9dnut\u00ed do zku\u0161enost\u00ed lid\u00ed, kter\u00e9 jsem prov\u00e1zela na jejich \u017eivotn\u00ed cest\u011b.\" \/>\n<meta property=\"og:url\" content=\"https:\/\/www.laznezenskeduse.cz\/index.php\/reference\/\" \/>\n<meta property=\"article:modified_time\" content=\"2024-11-14T06:12:43+00:00\" \/>\n<meta name=\"twitter:card\" content=\"summary_large_image\" \/>\n<meta name=\"twitter:label1\" content=\"Odhadovan\u00e1 doba \u010dten\u00ed\" \/>\n\t<meta name=\"twitter:data1\" content=\"3 minuty\" \/>\n<script type=\"application\/ld+json\" class=\"yoast-schema-graph\">{\"@context\":\"https:\/\/schema.org\",\"@graph\":[{\"@type\":\"WebPage\",\"@id\":\"https:\/\/www.laznezenskeduse.cz\/index.php\/reference\/\",\"url\":\"https:\/\/www.laznezenskeduse.cz\/index.php\/reference\/\",\"name\":\"Reference -\",\"isPartOf\":{\"@id\":\"https:\/\/www.laznezenskeduse.cz\/#website\"},\"datePublished\":\"2024-08-30T12:58:58+00:00\",\"dateModified\":\"2024-11-14T06:12:43+00:00\",\"description\":\"Zvu T\u011b k\u00a0nahl\u00e9dnut\u00ed do zku\u0161enost\u00ed lid\u00ed, kter\u00e9 jsem prov\u00e1zela na jejich \u017eivotn\u00ed cest\u011b.\",\"breadcrumb\":{\"@id\":\"https:\/\/www.laznezenskeduse.cz\/index.php\/reference\/#breadcrumb\"},\"inLanguage\":\"cs\",\"potentialAction\":[{\"@type\":\"ReadAction\",\"target\":[\"https:\/\/www.laznezenskeduse.cz\/index.php\/reference\/\"]}]},{\"@type\":\"BreadcrumbList\",\"@id\":\"https:\/\/www.laznezenskeduse.cz\/index.php\/reference\/#breadcrumb\",\"itemListElement\":[{\"@type\":\"ListItem\",\"position\":1,\"name\":\"Dom\u016f\",\"item\":\"https:\/\/www.laznezenskeduse.cz\/\"},{\"@type\":\"ListItem\",\"position\":2,\"name\":\"Reference\"}]},{\"@type\":\"WebSite\",\"@id\":\"https:\/\/www.laznezenskeduse.cz\/#website\",\"url\":\"https:\/\/www.laznezenskeduse.cz\/\",\"name\":\"\",\"description\":\"\",\"publisher\":{\"@id\":\"https:\/\/www.laznezenskeduse.cz\/#\/schema\/person\/c484a943d9dfcae451d6e23045961c91\"},\"potentialAction\":[{\"@type\":\"SearchAction\",\"target\":{\"@type\":\"EntryPoint\",\"urlTemplate\":\"https:\/\/www.laznezenskeduse.cz\/?s={search_term_string}\"},\"query-input\":\"required name=search_term_string\"}],\"inLanguage\":\"cs\"},{\"@type\":[\"Person\",\"Organization\"],\"@id\":\"https:\/\/www.laznezenskeduse.cz\/#\/schema\/person\/c484a943d9dfcae451d6e23045961c91\",\"name\":\"Anna Tali\u00e1nov\u00e1\",\"image\":{\"@type\":\"ImageObject\",\"inLanguage\":\"cs\",\"@id\":\"https:\/\/www.laznezenskeduse.cz\/#\/schema\/person\/image\/\",\"url\":\"https:\/\/i0.wp.com\/www.laznezenskeduse.cz\/wp-content\/uploads\/2021\/04\/Lazne-zenske-duse_logo.png?fit=400%2C150&ssl=1\",\"contentUrl\":\"https:\/\/i0.wp.com\/www.laznezenskeduse.cz\/wp-content\/uploads\/2021\/04\/Lazne-zenske-duse_logo.png?fit=400%2C150&ssl=1\",\"width\":400,\"height\":150,\"caption\":\"Anna Tali\u00e1nov\u00e1\"},\"logo\":{\"@id\":\"https:\/\/www.laznezenskeduse.cz\/#\/schema\/person\/image\/\"},\"sameAs\":[\"http:\/\/laznezenskeduse.cz\"]}]}<\/script>\n<!-- \/ Yoast SEO plugin. -->","yoast_head_json":{"title":"Reference -","description":"Zvu T\u011b k\u00a0nahl\u00e9dnut\u00ed do zku\u0161enost\u00ed lid\u00ed, kter\u00e9 jsem prov\u00e1zela na jejich \u017eivotn\u00ed cest\u011b.","robots":{"index":"index","follow":"follow","max-snippet":"max-snippet:-1","max-image-preview":"max-image-preview:large","max-video-preview":"max-video-preview:-1"},"canonical":"https:\/\/www.laznezenskeduse.cz\/index.php\/reference\/","og_locale":"cs_CZ","og_type":"article","og_title":"Reference -","og_description":"Zvu T\u011b k\u00a0nahl\u00e9dnut\u00ed do zku\u0161enost\u00ed lid\u00ed, kter\u00e9 jsem prov\u00e1zela na jejich \u017eivotn\u00ed cest\u011b.","og_url":"https:\/\/www.laznezenskeduse.cz\/index.php\/reference\/","article_modified_time":"2024-11-14T06:12:43+00:00","twitter_card":"summary_large_image","twitter_misc":{"Odhadovan\u00e1 doba \u010dten\u00ed":"3 minuty"},"schema":{"@context":"https:\/\/schema.org","@graph":[{"@type":"WebPage","@id":"https:\/\/www.laznezenskeduse.cz\/index.php\/reference\/","url":"https:\/\/www.laznezenskeduse.cz\/index.php\/reference\/","name":"Reference -","isPartOf":{"@id":"https:\/\/www.laznezenskeduse.cz\/#website"},"datePublished":"2024-08-30T12:58:58+00:00","dateModified":"2024-11-14T06:12:43+00:00","description":"Zvu T\u011b k\u00a0nahl\u00e9dnut\u00ed do zku\u0161enost\u00ed lid\u00ed, kter\u00e9 jsem prov\u00e1zela na jejich \u017eivotn\u00ed cest\u011b.","breadcrumb":{"@id":"https:\/\/www.laznezenskeduse.cz\/index.php\/reference\/#breadcrumb"},"inLanguage":"cs","potentialAction":[{"@type":"ReadAction","target":["https:\/\/www.laznezenskeduse.cz\/index.php\/reference\/"]}]},{"@type":"BreadcrumbList","@id":"https:\/\/www.laznezenskeduse.cz\/index.php\/reference\/#breadcrumb","itemListElement":[{"@type":"ListItem","position":1,"name":"Dom\u016f","item":"https:\/\/www.laznezenskeduse.cz\/"},{"@type":"ListItem","position":2,"name":"Reference"}]},{"@type":"WebSite","@id":"https:\/\/www.laznezenskeduse.cz\/#website","url":"https:\/\/www.laznezenskeduse.cz\/","name":"","description":"","publisher":{"@id":"https:\/\/www.laznezenskeduse.cz\/#\/schema\/person\/c484a943d9dfcae451d6e23045961c91"},"potentialAction":[{"@type":"SearchAction","target":{"@type":"EntryPoint","urlTemplate":"https:\/\/www.laznezenskeduse.cz\/?s={search_term_string}"},"query-input":"required name=search_term_string"}],"inLanguage":"cs"},{"@type":["Person","Organization"],"@id":"https:\/\/www.laznezenskeduse.cz\/#\/schema\/person\/c484a943d9dfcae451d6e23045961c91","name":"Anna Tali\u00e1nov\u00e1","image":{"@type":"ImageObject","inLanguage":"cs","@id":"https:\/\/www.laznezenskeduse.cz\/#\/schema\/person\/image\/","url":"https:\/\/i0.wp.com\/www.laznezenskeduse.cz\/wp-content\/uploads\/2021\/04\/Lazne-zenske-duse_logo.png?fit=400%2C150&ssl=1","contentUrl":"https:\/\/i0.wp.com\/www.laznezenskeduse.cz\/wp-content\/uploads\/2021\/04\/Lazne-zenske-duse_logo.png?fit=400%2C150&ssl=1","width":400,"height":150,"caption":"Anna Tali\u00e1nov\u00e1"},"logo":{"@id":"https:\/\/www.laznezenskeduse.cz\/#\/schema\/person\/image\/"},"sameAs":["http:\/\/laznezenskeduse.cz"]}]}},"jetpack_sharing_enabled":true,"jetpack-related-posts":[],"_links":{"self":[{"href":"https:\/\/www.laznezenskeduse.cz\/index.php\/wp-json\/wp\/v2\/pages\/3586"}],"collection":[{"href":"https:\/\/www.laznezenskeduse.cz\/index.php\/wp-json\/wp\/v2\/pages"}],"about":[{"href":"https:\/\/www.laznezenskeduse.cz\/index.php\/wp-json\/wp\/v2\/types\/page"}],"author":[{"embeddable":true,"href":"https:\/\/www.laznezenskeduse.cz\/index.php\/wp-json\/wp\/v2\/users\/1"}],"replies":[{"embeddable":true,"href":"https:\/\/www.laznezenskeduse.cz\/index.php\/wp-json\/wp\/v2\/comments?post=3586"}],"version-history":[{"count":6,"href":"https:\/\/www.laznezenskeduse.cz\/index.php\/wp-json\/wp\/v2\/pages\/3586\/revisions"}],"predecessor-version":[{"id":3935,"href":"https:\/\/www.laznezenskeduse.cz\/index.php\/wp-json\/wp\/v2\/pages\/3586\/revisions\/3935"}],"wp:attachment":[{"href":"https:\/\/www.laznezenskeduse.cz\/index.php\/wp-json\/wp\/v2\/media?parent=3586"}],"curies":[{"name":"wp","href":"https:\/\/api.w.org\/{rel}","templated":true}]}}